{"id":13996,"date":"2026-04-25T17:41:12","date_gmt":"2026-04-25T17:41:12","guid":{"rendered":"https:\/\/gastora.eu\/?post_type=product&#038;p=13996"},"modified":"2026-04-28T16:55:40","modified_gmt":"2026-04-28T16:55:40","slug":"vitrine-gteaux-125-l-71-cm-portes-coulissantes-avant-et-arrire","status":"publish","type":"product","link":"https:\/\/gastora.eu\/en\/product\/vitrine-gteaux-125-l-71-cm-portes-coulissantes-avant-et-arrire\/","title":{"rendered":"Vitrine \u00e0 g\u00e2teaux &#8211; 125 L &#8211; 71 cm &#8211; portes coulissantes avant et arri\u00e8re"},"content":{"rendered":"<p>Ce r\u00e9frig\u00e9rateur d&#8217;exposition haut de gamme permet aux clients potentiels de voir imm\u00e9diatement les produits que vous proposez. D&#8217;une grande capacit\u00e9 de 125 litres, il est dot\u00e9 de quatre vitres sur tous les c\u00f4t\u00e9s et d&#8217;un \u00e9clairage LED int\u00e9gr\u00e9. Les vitres avant et arri\u00e8re sont \u00e9quip\u00e9es de portes coulissantes, ce qui permet de retirer et de remplacer facilement les articles des deux c\u00f4t\u00e9s. C&#8217;est pratique lorsqu&#8217;il est utilis\u00e9 dans le cadre d&#8217;une offre en libre-service, afin que les clients puissent facilement se servir en sandwichs, g\u00e2teaux et autres en-cas. Le r\u00e9frig\u00e9rateur est \u00e9galement \u00e9quip\u00e9 de deux \u00e9tag\u00e8res chrom\u00e9es r\u00e9glables en hauteur, ce qui vous permet d&#8217;adapter le r\u00e9frig\u00e9rateur d&#8217;exposition \u00e0 vos besoins sp\u00e9cifiques.<\/p>\n<h3>Des temp\u00e9ratures toujours fra\u00eeches<\/h3>\n<p>Lorsqu&#8217;un r\u00e9frig\u00e9rateur est ouvert fr\u00e9quemment, il peut en r\u00e9sulter des changements de temp\u00e9rature qui peuvent affecter non seulement les produits mais aussi l&#8217;efficacit\u00e9 \u00e9nerg\u00e9tique du r\u00e9frig\u00e9rateur. Gr\u00e2ce au syst\u00e8me de refroidissement int\u00e9gr\u00e9 avec ventilateur de ce r\u00e9frig\u00e9rateur professionnel, ce probl\u00e8me ne se pose pas. L&#8217;air froid est distribu\u00e9 uniform\u00e9ment \u00e0 l&#8217;int\u00e9rieur, ce qui permet de maintenir tous les produits alimentaires \u00e0 la bonne temp\u00e9rature. Ce r\u00e9frig\u00e9rateur est \u00e9galement \u00e9quip\u00e9 d&#8217;un r\u00e9gulateur de temp\u00e9rature num\u00e9rique, ce qui facilite le r\u00e9glage de la temp\u00e9rature dans une plage comprise entre 0 et 12\u00b0C. Le cycle de refroidissement int\u00e9gr\u00e9 sp\u00e9cialis\u00e9 r\u00e9duit le risque de formation de glace dans le r\u00e9frig\u00e9rateur et la fonction de d\u00e9givrage automatique toutes les six heures garantit la disparition rapide de la glace qui se forme. Le r\u00e9frig\u00e9rant utilis\u00e9 dans ce r\u00e9frig\u00e9rateur est le R600a, exempt de CFC.<\/p>\n<h3>Facile \u00e0 nettoyer<\/h3>\n<p>Lorsqu&#8217;un appareil est appel\u00e9 \u00e0 \u00eatre utilis\u00e9 fr\u00e9quemment, comme c&#8217;est le cas de ce r\u00e9frig\u00e9rateur, il doit rester stable et bien en place. Les pieds fixes permettent de le placer sur presque toutes les surfaces. Une utilisation fr\u00e9quente signifie \u00e9galement que le r\u00e9frig\u00e9rateur doit \u00eatre nettoy\u00e9 r\u00e9guli\u00e8rement. Cette t\u00e2che est facile \u00e0 r\u00e9aliser. Vous aurez besoin d&#8217;un chiffon doux et humide pour nettoyer l&#8217;ext\u00e9rieur du r\u00e9frig\u00e9rateur. Pour l&#8217;int\u00e9rieur et les \u00e9tag\u00e8res, un peu d&#8217;eau chaude savonneuse suffit.<\/p>\n<p><strong>Caract\u00e9ristiques<\/strong><\/p>\n<ul>\n<li>Portes coulissantes \u00e0 l&#8217;avant et \u00e0 l&#8217;arri\u00e8re<\/li>\n<li>\u00c9clairage int\u00e9rieur inclus<\/li>\n<li>Fen\u00eatres \u00e0 double vitrage sur tous les c\u00f4t\u00e9s<\/li>\n<li>Comprend deux \u00e9tag\u00e8res chrom\u00e9es r\u00e9glables<\/li>\n<li>Pieds r\u00e9glables<\/li>\n<li>Cycle de refroidissement sp\u00e9cialis\u00e9 pour r\u00e9duire la formation de glace<\/li>\n<\/ul>\n<p><strong>Caract\u00e9ristiques du produit<\/strong><\/p>\n<ul>\n<li>Poids net : 54 kg<\/li>\n<li>Dimensions internes de l&#8217;appareil : L66,4 x P43,8 x H41cm<\/li>\n<li>Dimensions ext\u00e9rieures de l&#8217;appareil : L71 x P56,8 x H68,6cm<\/li>\n<li>Dimensions de l&#8217;\u00e9tag\u00e8re : L81 x P37cm<\/li>\n<li>230V \/ 50Hz \/ 1 phase 160W<\/li>\n<\/ul>","protected":false},"excerpt":{"rendered":"<p>Ce r\u00e9frig\u00e9rateur de pr\u00e9sentation noir a une capacit\u00e9 de 125 litres et est \u00e9quip\u00e9 de portes coulissantes \u00e0 l&#8217;avant et \u00e0 l&#8217;arri\u00e8re. Il est facile d&#8217;acc\u00e9der aux produits pour les recharger ou les emporter. Il dispose de deux \u00e9tag\u00e8res r\u00e9glables, d&#8217;un \u00e9clairage LED \u00e0 l&#8217;int\u00e9rieur et d&#8217;un affichage digital. Parfait pour une utilisation en libre-service dans la restauration ou les \u00e9tablissements alimentaires.<\/p>","protected":false},"featured_media":6741,"template":"","meta":{"_acf_changed":false},"product_brand":[],"product_cat":[475],"product_tag":[],"class_list":{"0":"post-13996","1":"product","2":"type-product","3":"status-publish","4":"has-post-thumbnail","6":"product_cat-vitrines-refrigerees-2","8":"first","9":"instock","10":"sale","11":"taxable","12":"shipping-taxable","13":"purchasable","14":"product-type-simple"},"acf":[],"yoast_head":"<!-- This site is optimized with the Yoast SEO plugin v27.5 - https:\/\/yoast.com\/product\/yoast-seo-wordpress\/ -->\n<title>Vitrine \u00e0 g\u00e2teaux - 125 L - 71 cm - portes coulissantes avant et arri\u00e8re - Gastora<\/title>\n<meta name=\"description\" content=\"Achetez Vitrine \u00e0 g\u00e2teaux - 125 L - 71 cm - portes coulissantes avant et arri\u00e8re au meilleur prix, fiable et performant avec une livraison rapide\" \/>\n<meta name=\"robots\" content=\"index, follow, max-snippet:-1, max-image-preview:large, max-video-preview:-1\" \/>\n<link rel=\"canonical\" href=\"https:\/\/gastora.eu\/en\/product\/vitrine-gteaux-125-l-71-cm-portes-coulissantes-avant-et-arrire\/\" \/>\n<meta property=\"og:locale\" content=\"en_US\" \/>\n<meta property=\"og:type\" content=\"article\" \/>\n<meta property=\"og:title\" content=\"Vitrine \u00e0 g\u00e2teaux - 125 L - 71 cm - portes coulissantes avant et arri\u00e8re - Gastora\" \/>\n<meta property=\"og:description\" content=\"Achetez Vitrine \u00e0 g\u00e2teaux - 125 L - 71 cm - portes coulissantes avant et arri\u00e8re au meilleur prix, fiable et performant avec une livraison rapide\" \/>\n<meta property=\"og:url\" content=\"https:\/\/gastora.eu\/en\/product\/vitrine-gteaux-125-l-71-cm-portes-coulissantes-avant-et-arrire\/\" \/>\n<meta property=\"og:site_name\" content=\"Gastora\" \/>\n<meta property=\"article:modified_time\" content=\"2026-04-28T16:55:40+00:00\" \/>\n<meta name=\"twitter:card\" content=\"summary_large_image\" \/>\n<meta name=\"twitter:label1\" content=\"Est. reading time\" \/>\n\t<meta name=\"twitter:data1\" content=\"2 minutes\" \/>\n<script type=\"application\/ld+json\" class=\"yoast-schema-graph\">{\"@context\":\"https:\\\/\\\/schema.org\",\"@graph\":[{\"@type\":\"WebPage\",\"@id\":\"https:\\\/\\\/gastora.eu\\\/product\\\/vitrine-gteaux-125-l-71-cm-portes-coulissantes-avant-et-arrire\\\/\",\"url\":\"https:\\\/\\\/gastora.eu\\\/product\\\/vitrine-gteaux-125-l-71-cm-portes-coulissantes-avant-et-arrire\\\/\",\"name\":\"Vitrine \u00e0 g\u00e2teaux - 125 L - 71 cm - portes coulissantes avant et arri\u00e8re - Gastora\",\"isPartOf\":{\"@id\":\"https:\\\/\\\/gastora.eu\\\/#website\"},\"primaryImageOfPage\":{\"@id\":\"https:\\\/\\\/gastora.eu\\\/product\\\/vitrine-gteaux-125-l-71-cm-portes-coulissantes-avant-et-arrire\\\/#primaryimage\"},\"image\":{\"@id\":\"https:\\\/\\\/gastora.eu\\\/product\\\/vitrine-gteaux-125-l-71-cm-portes-coulissantes-avant-et-arrire\\\/#primaryimage\"},\"thumbnailUrl\":\"https:\\\/\\\/gastora.eu\\\/wp-content\\\/uploads\\\/2026\\\/04\\\/09400847-maxima-showcase-125l-fb-1.jpg\",\"datePublished\":\"2026-04-25T17:41:12+00:00\",\"dateModified\":\"2026-04-28T16:55:40+00:00\",\"description\":\"Achetez Vitrine \u00e0 g\u00e2teaux - 125 L - 71 cm - portes coulissantes avant et arri\u00e8re au meilleur prix, fiable et performant avec une livraison rapide\",\"breadcrumb\":{\"@id\":\"https:\\\/\\\/gastora.eu\\\/product\\\/vitrine-gteaux-125-l-71-cm-portes-coulissantes-avant-et-arrire\\\/#breadcrumb\"},\"inLanguage\":\"en-US\",\"potentialAction\":[{\"@type\":\"ReadAction\",\"target\":[\"https:\\\/\\\/gastora.eu\\\/product\\\/vitrine-gteaux-125-l-71-cm-portes-coulissantes-avant-et-arrire\\\/\"]}]},{\"@type\":\"ImageObject\",\"inLanguage\":\"en-US\",\"@id\":\"https:\\\/\\\/gastora.eu\\\/product\\\/vitrine-gteaux-125-l-71-cm-portes-coulissantes-avant-et-arrire\\\/#primaryimage\",\"url\":\"https:\\\/\\\/gastora.eu\\\/wp-content\\\/uploads\\\/2026\\\/04\\\/09400847-maxima-showcase-125l-fb-1.jpg\",\"contentUrl\":\"https:\\\/\\\/gastora.eu\\\/wp-content\\\/uploads\\\/2026\\\/04\\\/09400847-maxima-showcase-125l-fb-1.jpg\",\"width\":1024,\"height\":1024},{\"@type\":\"BreadcrumbList\",\"@id\":\"https:\\\/\\\/gastora.eu\\\/product\\\/vitrine-gteaux-125-l-71-cm-portes-coulissantes-avant-et-arrire\\\/#breadcrumb\",\"itemListElement\":[{\"@type\":\"ListItem\",\"position\":1,\"name\":\"Home\",\"item\":\"https:\\\/\\\/gastora.eu\\\/\"},{\"@type\":\"ListItem\",\"position\":2,\"name\":\"Shop\",\"item\":\"https:\\\/\\\/gastora.eu\\\/shop\\\/\"},{\"@type\":\"ListItem\",\"position\":3,\"name\":\"Vitrine \u00e0 g\u00e2teaux &#8211; 125 L &#8211; 71 cm &#8211; portes coulissantes avant et arri\u00e8re\"}]},{\"@type\":\"WebSite\",\"@id\":\"https:\\\/\\\/gastora.eu\\\/#website\",\"url\":\"https:\\\/\\\/gastora.eu\\\/\",\"name\":\"Gastora\",\"description\":\"\u00c9quipements professionnels CHR\",\"publisher\":{\"@id\":\"https:\\\/\\\/gastora.eu\\\/#organization\"},\"potentialAction\":[{\"@type\":\"SearchAction\",\"target\":{\"@type\":\"EntryPoint\",\"urlTemplate\":\"https:\\\/\\\/gastora.eu\\\/?s={search_term_string}\"},\"query-input\":{\"@type\":\"PropertyValueSpecification\",\"valueRequired\":true,\"valueName\":\"search_term_string\"}}],\"inLanguage\":\"en-US\"},{\"@type\":\"Organization\",\"@id\":\"https:\\\/\\\/gastora.eu\\\/#organization\",\"name\":\"Gastora\",\"url\":\"https:\\\/\\\/gastora.eu\\\/\",\"logo\":{\"@type\":\"ImageObject\",\"inLanguage\":\"en-US\",\"@id\":\"https:\\\/\\\/gastora.eu\\\/#\\\/schema\\\/logo\\\/image\\\/\",\"url\":\"https:\\\/\\\/gastora.eu\\\/wp-content\\\/uploads\\\/2025\\\/12\\\/ChatGPT-Image-2-janv.-2026-22_52_47-1.png\",\"contentUrl\":\"https:\\\/\\\/gastora.eu\\\/wp-content\\\/uploads\\\/2025\\\/12\\\/ChatGPT-Image-2-janv.-2026-22_52_47-1.png\",\"width\":1536,\"height\":320,\"caption\":\"Gastora\"},\"image\":{\"@id\":\"https:\\\/\\\/gastora.eu\\\/#\\\/schema\\\/logo\\\/image\\\/\"}}]}<\/script>\n<!-- \/ Yoast SEO plugin. -->","yoast_head_json":{"title":"Vitrine \u00e0 g\u00e2teaux - 125 L - 71 cm - portes coulissantes avant et arri\u00e8re - Gastora","description":"Achetez Vitrine \u00e0 g\u00e2teaux - 125 L - 71 cm - portes coulissantes avant et arri\u00e8re au meilleur prix, fiable et performant avec une livraison rapide","robots":{"index":"index","follow":"follow","max-snippet":"max-snippet:-1","max-image-preview":"max-image-preview:large","max-video-preview":"max-video-preview:-1"},"canonical":"https:\/\/gastora.eu\/en\/product\/vitrine-gteaux-125-l-71-cm-portes-coulissantes-avant-et-arrire\/","og_locale":"en_US","og_type":"article","og_title":"Vitrine \u00e0 g\u00e2teaux - 125 L - 71 cm - portes coulissantes avant et arri\u00e8re - Gastora","og_description":"Achetez Vitrine \u00e0 g\u00e2teaux - 125 L - 71 cm - portes coulissantes avant et arri\u00e8re au meilleur prix, fiable et performant avec une livraison rapide","og_url":"https:\/\/gastora.eu\/en\/product\/vitrine-gteaux-125-l-71-cm-portes-coulissantes-avant-et-arrire\/","og_site_name":"Gastora","article_modified_time":"2026-04-28T16:55:40+00:00","twitter_card":"summary_large_image","twitter_misc":{"Est. reading time":"2 minutes"},"schema":{"@context":"https:\/\/schema.org","@graph":[{"@type":"WebPage","@id":"https:\/\/gastora.eu\/product\/vitrine-gteaux-125-l-71-cm-portes-coulissantes-avant-et-arrire\/","url":"https:\/\/gastora.eu\/product\/vitrine-gteaux-125-l-71-cm-portes-coulissantes-avant-et-arrire\/","name":"Vitrine \u00e0 g\u00e2teaux - 125 L - 71 cm - portes coulissantes avant et arri\u00e8re - Gastora","isPartOf":{"@id":"https:\/\/gastora.eu\/#website"},"primaryImageOfPage":{"@id":"https:\/\/gastora.eu\/product\/vitrine-gteaux-125-l-71-cm-portes-coulissantes-avant-et-arrire\/#primaryimage"},"image":{"@id":"https:\/\/gastora.eu\/product\/vitrine-gteaux-125-l-71-cm-portes-coulissantes-avant-et-arrire\/#primaryimage"},"thumbnailUrl":"https:\/\/gastora.eu\/wp-content\/uploads\/2026\/04\/09400847-maxima-showcase-125l-fb-1.jpg","datePublished":"2026-04-25T17:41:12+00:00","dateModified":"2026-04-28T16:55:40+00:00","description":"Achetez Vitrine \u00e0 g\u00e2teaux - 125 L - 71 cm - portes coulissantes avant et arri\u00e8re au meilleur prix, fiable et performant avec une livraison rapide","breadcrumb":{"@id":"https:\/\/gastora.eu\/product\/vitrine-gteaux-125-l-71-cm-portes-coulissantes-avant-et-arrire\/#breadcrumb"},"inLanguage":"en-US","potentialAction":[{"@type":"ReadAction","target":["https:\/\/gastora.eu\/product\/vitrine-gteaux-125-l-71-cm-portes-coulissantes-avant-et-arrire\/"]}]},{"@type":"ImageObject","inLanguage":"en-US","@id":"https:\/\/gastora.eu\/product\/vitrine-gteaux-125-l-71-cm-portes-coulissantes-avant-et-arrire\/#primaryimage","url":"https:\/\/gastora.eu\/wp-content\/uploads\/2026\/04\/09400847-maxima-showcase-125l-fb-1.jpg","contentUrl":"https:\/\/gastora.eu\/wp-content\/uploads\/2026\/04\/09400847-maxima-showcase-125l-fb-1.jpg","width":1024,"height":1024},{"@type":"BreadcrumbList","@id":"https:\/\/gastora.eu\/product\/vitrine-gteaux-125-l-71-cm-portes-coulissantes-avant-et-arrire\/#breadcrumb","itemListElement":[{"@type":"ListItem","position":1,"name":"Home","item":"https:\/\/gastora.eu\/"},{"@type":"ListItem","position":2,"name":"Shop","item":"https:\/\/gastora.eu\/shop\/"},{"@type":"ListItem","position":3,"name":"Vitrine \u00e0 g\u00e2teaux &#8211; 125 L &#8211; 71 cm &#8211; portes coulissantes avant et arri\u00e8re"}]},{"@type":"WebSite","@id":"https:\/\/gastora.eu\/#website","url":"https:\/\/gastora.eu\/","name":"Gastora","description":"\u00c9quipements professionnels CHR","publisher":{"@id":"https:\/\/gastora.eu\/#organization"},"potentialAction":[{"@type":"SearchAction","target":{"@type":"EntryPoint","urlTemplate":"https:\/\/gastora.eu\/?s={search_term_string}"},"query-input":{"@type":"PropertyValueSpecification","valueRequired":true,"valueName":"search_term_string"}}],"inLanguage":"en-US"},{"@type":"Organization","@id":"https:\/\/gastora.eu\/#organization","name":"Gastora","url":"https:\/\/gastora.eu\/","logo":{"@type":"ImageObject","inLanguage":"en-US","@id":"https:\/\/gastora.eu\/#\/schema\/logo\/image\/","url":"https:\/\/gastora.eu\/wp-content\/uploads\/2025\/12\/ChatGPT-Image-2-janv.-2026-22_52_47-1.png","contentUrl":"https:\/\/gastora.eu\/wp-content\/uploads\/2025\/12\/ChatGPT-Image-2-janv.-2026-22_52_47-1.png","width":1536,"height":320,"caption":"Gastora"},"image":{"@id":"https:\/\/gastora.eu\/#\/schema\/logo\/image\/"}}]}},"jetpack_sharing_enabled":true,"_links":{"self":[{"href":"https:\/\/gastora.eu\/en\/wp-json\/wp\/v2\/product\/13996","targetHints":{"allow":["GET"]}}],"collection":[{"href":"https:\/\/gastora.eu\/en\/wp-json\/wp\/v2\/product"}],"about":[{"href":"https:\/\/gastora.eu\/en\/wp-json\/wp\/v2\/types\/product"}],"wp:featuredmedia":[{"embeddable":true,"href":"https:\/\/gastora.eu\/en\/wp-json\/wp\/v2\/media\/6741"}],"wp:attachment":[{"href":"https:\/\/gastora.eu\/en\/wp-json\/wp\/v2\/media?parent=13996"}],"wp:term":[{"taxonomy":"product_brand","embeddable":true,"href":"https:\/\/gastora.eu\/en\/wp-json\/wp\/v2\/product_brand?post=13996"},{"taxonomy":"product_cat","embeddable":true,"href":"https:\/\/gastora.eu\/en\/wp-json\/wp\/v2\/product_cat?post=13996"},{"taxonomy":"product_tag","embeddable":true,"href":"https:\/\/gastora.eu\/en\/wp-json\/wp\/v2\/product_tag?post=13996"}],"curies":[{"name":"wp","href":"https:\/\/api.w.org\/{rel}","templated":true}]}}